{"id":107,"date":"2021-02-17T20:19:35","date_gmt":"2021-02-17T18:19:35","guid":{"rendered":"https:\/\/associationexperience.wordpress.com\/?page_id=107"},"modified":"2021-08-29T21:42:23","modified_gmt":"2021-08-29T21:42:23","slug":"adhesion","status":"publish","type":"page","link":"https:\/\/l-experience-association.ch\/?page_id=107","title":{"rendered":"Adh\u00e9sion"},"content":{"rendered":"\n<p>Notre association est constitu\u00e9e en majorit\u00e9 de membres actifs en situation de souffrance psychique et aussi, mais en minorit\u00e9, de personnes int\u00e9ress\u00e9es par la th\u00e9matique en tant qu&rsquo;amis de l&rsquo;association. Pour devenir membre, l&rsquo;int\u00e9ress\u00e9 peut participer \u00e0 quelques activit\u00e9s durant la semaine ou r\u00e9unions du mercredi apr\u00e8s-midi. L&rsquo;atelier est ouvert tous les jours de la semaine mais en raison de la pr\u00e9sence al\u00e9atoire des membres, une permanence est fix\u00e9e le mercredi apr\u00e8s midi pour l&rsquo;accueil des nouveaux participants. <\/p>\n\n\n\n<p>Toute personne en situation de souffrance psychique est libre de participer \u00e0 nos activit\u00e9s moyennant une <strong>cotisation annuelle de 30.- Chf<\/strong>. Au bout de trois mois de participation active aux activit\u00e9s de l&rsquo;association, le membre int\u00e9ress\u00e9 re\u00e7oit s&rsquo;il le d\u00e9sire, un acc\u00e8s \u00e9largi \u00e0 la structure qui lui permet de venir selon ses besoins et envies durant la semaine sous la responsabilit\u00e9 collective de l&rsquo;association.  <\/p>\n\n\n\n<p>Que ce soit suite \u00e0 une crise psychique, un burn-out, d\u00e9pression ou autre pathologie psychique, les participants peuvent trouver \u00e0 l&rsquo;Exp\u00e9rience un lieu d&rsquo;exp\u00e9rimentation sociale, artistique et culturelle. Notre association se veut \u00eatre principalement un lieu de cr\u00e9ation artistique mais surtout un incubateur de savoirs et d&rsquo;exp\u00e9riences dans le domaine de la maladie mentale. Investie plus largement dans la promotion de la sant\u00e9 mentale en Suisse romande, notre association se manifeste \u00e9galement comme un lieu de r\u00e9sistance psycho-sociale, permettant aux personnes en souffrance psychique de s&rsquo;\u00e9manciper de leur situation sans encadrement m\u00e9dico-social sp\u00e9cifique ni accompagnateurs professionnels. <\/p>\n\n\n\n<p>Chacun est libre de s&rsquo;investir b\u00e9n\u00e9volement dans les activit\u00e9s propos\u00e9es selon les horaires qui lui conviennent. Il n&rsquo;y a pas d&rsquo;obligation de participation aux activit\u00e9s propos\u00e9es ni de temps minimum \u00e0 accorder \u00e0 l&rsquo;association. L&rsquo;important c&rsquo;est de comprendre les r\u00e8gles d&rsquo;usage des lieux et de contribuer \u00e0 la vie de l&rsquo;association d&rsquo;une mani\u00e8re ou d&rsquo;une autre.<\/p>\n\n\n\n<p>Les d\u00e9cisions de l&rsquo;association se prennent en comit\u00e9 d&rsquo;autogestion hebdomadaire qui accueille aussi les nouveaux membres actifs. <\/p>\n\n\n\n<p>Pour ceux qui sont int\u00e9ress\u00e9s par nos buts mais qui n&rsquo;auraient pas l&rsquo;occasion de participer r\u00e9guli\u00e8rement aux r\u00e9unions, nous acceptons aussi les membres de soutient et les dons financiers et mat\u00e9riels.  <\/p>\n\n\n\n<p>Pour devenir membre, merci de nous rendre visite <strong>sans rendez-vous<\/strong> le <strong>mercredi apr\u00e8s-midi entre 15h et 17h<\/strong> ou de prendre contact avec nous par t\u00e9l\u00e9phone ou par e-mail. <\/p>\n\n\n\n<p><\/p>\n","protected":false},"excerpt":{"rendered":"<p>Notre association est constitu\u00e9e en majorit\u00e9 de membres actifs en situation de souffrance psychique et aussi, mais en minorit\u00e9, de personnes int\u00e9ress\u00e9es par la th\u00e9matique en tant qu&rsquo;amis de l&rsquo;association. Pour devenir membre, l&rsquo;int\u00e9ress\u00e9 peut participer \u00e0 quelques activit\u00e9s durant la semaine ou r\u00e9unions du mercredi apr\u00e8s-midi. L&rsquo;atelier est ouvert tous les jours de la &hellip; <a href=\"https:\/\/l-experience-association.ch\/?page_id=107\" class=\"more-link\">Lire la suite <span class=\"screen-reader-text\">Adh\u00e9sion<\/span> <span class=\"meta-nav\">&rarr;<\/span><\/a><\/p>\n","protected":false},"author":2,"featured_media":0,"parent":0,"menu_order":0,"comment_status":"closed","ping_status":"closed","template":"","meta":{"footnotes":""},"class_list":["post-107","page","type-page","status-publish","hentry"],"jetpack_sharing_enabled":true,"_links":{"self":[{"href":"https:\/\/l-experience-association.ch\/index.php?rest_route=\/wp\/v2\/pages\/107","targetHints":{"allow":["GET"]}}],"collection":[{"href":"https:\/\/l-experience-association.ch\/index.php?rest_route=\/wp\/v2\/pages"}],"about":[{"href":"https:\/\/l-experience-association.ch\/index.php?rest_route=\/wp\/v2\/types\/page"}],"author":[{"embeddable":true,"href":"https:\/\/l-experience-association.ch\/index.php?rest_route=\/wp\/v2\/users\/2"}],"replies":[{"embeddable":true,"href":"https:\/\/l-experience-association.ch\/index.php?rest_route=%2Fwp%2Fv2%2Fcomments&post=107"}],"version-history":[{"count":4,"href":"https:\/\/l-experience-association.ch\/index.php?rest_route=\/wp\/v2\/pages\/107\/revisions"}],"predecessor-version":[{"id":476,"href":"https:\/\/l-experience-association.ch\/index.php?rest_route=\/wp\/v2\/pages\/107\/revisions\/476"}],"wp:attachment":[{"href":"https:\/\/l-experience-association.ch\/index.php?rest_route=%2Fwp%2Fv2%2Fmedia&parent=107"}],"curies":[{"name":"wp","href":"https:\/\/api.w.org\/{rel}","templated":true}]}}